{"id":709,"date":"2025-02-02T11:18:24","date_gmt":"2025-02-02T10:18:24","guid":{"rendered":"https:\/\/www.myvetmilano.it\/?page_id=709"},"modified":"2026-05-11T14:38:12","modified_gmt":"2026-05-11T13:38:12","slug":"chi-siamo-2","status":"publish","type":"page","link":"https:\/\/www.myvetmilano.it\/it\/chi-siamo-2\/","title":{"rendered":"CHI SIAMO 2"},"content":{"rendered":"<p>[et_pb_section fb_built=&#8221;1&#8243; admin_label=&#8221;Hero Section&#8221; _builder_version=&#8221;4.16&#8243; background_color=&#8221;#913f91&#8243; use_background_color_gradient=&#8221;on&#8221; background_color_gradient_direction=&#8221;72deg&#8221; background_color_gradient_stops=&#8221;#dd3c3c 0%|#dd3c3c 100%&#8221; background_color_gradient_start=&#8221;#dd3c3c&#8221; background_color_gradient_end=&#8221;#dd3c3c&#8221; custom_padding=&#8221;110px|0px|110px|0px&#8221; global_colors_info=&#8221;{}&#8221;][et_pb_row column_structure=&#8221;1_2,1_2&#8243; _builder_version=&#8221;4.16&#8243; background_size=&#8221;initial&#8221; background_position=&#8221;top_left&#8221; background_repeat=&#8221;repeat&#8221; global_colors_info=&#8221;{}&#8221;][et_pb_column type=&#8221;1_2&#8243; _builder_version=&#8221;4.16&#8243; custom_padding=&#8221;60px|||&#8221; global_colors_info=&#8221;{}&#8221; custom_padding__hover=&#8221;|||&#8221;][et_pb_text _builder_version=&#8221;4.16&#8243; text_font=&#8221;||||||||&#8221; header_font=&#8221;Poppins||||||||&#8221; header_text_color=&#8221;#ffffff&#8221; header_font_size=&#8221;56px&#8221; header_line_height=&#8221;1.3em&#8221; animation_style=&#8221;fade&#8221; global_colors_info=&#8221;{}&#8221;]<\/p>\n<h1><strong>Professionalit\u00e0, passione ed entusiasmo<\/strong><\/h1>\n<p>[\/et_pb_text][et_pb_text _builder_version=&#8221;4.16&#8243; text_font=&#8221;Poppins||||||||&#8221; text_text_color=&#8221;rgba(255,255,255,0.8)&#8221; text_font_size=&#8221;18px&#8221; text_line_height=&#8221;1.8em&#8221; custom_padding=&#8221;||0px|||&#8221; animation_style=&#8221;fade&#8221; animation_delay=&#8221;100ms&#8221; global_colors_info=&#8221;{}&#8221;]<\/p>\n<p><strong>MYVET<\/strong> \u00e8 la Clinica Veterinaria nel cuore di Milano dove puoi trovare il professionista giusto per rispondere a tutte le esigenze dei tuoi amici animali.<\/p>\n<p>[\/et_pb_text][\/et_pb_column][et_pb_column type=&#8221;1_2&#8243; _builder_version=&#8221;4.16&#8243; custom_padding=&#8221;|||&#8221; global_colors_info=&#8221;{}&#8221; custom_padding__hover=&#8221;|||&#8221;][et_pb_image src=&#8221;https:\/\/www.myvetmilano.it\/wp-content\/uploads\/2021\/08\/myvet_la-nostra-missione-intro.png&#8221; title_text=&#8221;myvet_la-nostra-missione-intro&#8221; align_tablet=&#8221;center&#8221; align_phone=&#8221;&#8221; align_last_edited=&#8221;on|desktop&#8221; _builder_version=&#8221;4.27.0&#8243; animation_style=&#8221;fade&#8221; global_colors_info=&#8221;{}&#8221;][\/et_pb_image][\/et_pb_column][\/et_pb_row][\/et_pb_section][et_pb_section fb_built=&#8221;1&#8243; admin_label=&#8221;About Us Section&#8221; _builder_version=&#8221;4.16&#8243; custom_padding=&#8221;110px|0px|110px|0px&#8221; global_colors_info=&#8221;{}&#8221;][et_pb_row column_structure=&#8221;1_2,1_2&#8243; _builder_version=&#8221;4.16&#8243; custom_padding=&#8221;|||&#8221; locked=&#8221;off&#8221; global_colors_info=&#8221;{}&#8221;][et_pb_column type=&#8221;1_2&#8243; _builder_version=&#8221;4.16&#8243; custom_padding=&#8221;|||&#8221; global_colors_info=&#8221;{}&#8221; custom_padding__hover=&#8221;|||&#8221;][et_pb_text _builder_version=&#8221;4.27.0&#8243; text_font=&#8221;||||||||&#8221; text_text_color=&#8221;#fab62b&#8221; header_font=&#8221;||||||||&#8221; header_2_font=&#8221;Poppins|500||on|||||&#8221; header_2_text_color=&#8221;rgba(0,0,0,0.2)&#8221; header_2_font_size=&#8221;16px&#8221; header_2_letter_spacing=&#8221;1px&#8221; header_2_line_height=&#8221;1.3em&#8221; custom_margin=&#8221;||20px|&#8221; custom_padding=&#8221;||3px|||&#8221; saved_tabs=&#8221;all&#8221; locked=&#8221;off&#8221; global_colors_info=&#8221;{}&#8221;]<\/p>\n<h2><span style=\"color: #fab62b;\"><strong>CHI SIAMO<\/strong><\/span><\/h2>\n<p>[\/et_pb_text][et_pb_text _builder_version=&#8221;4.27.0&#8243; text_font=&#8221;Open Sans||||||||&#8221; text_text_color=&#8221;#486066&#8243; text_font_size=&#8221;15px&#8221; text_line_height=&#8221;1.8em&#8221; header_font=&#8221;||||||||&#8221; custom_margin=&#8221;||60px|&#8221; custom_padding=&#8221;||0px|||&#8221; global_colors_info=&#8221;{}&#8221;]<\/p>\n<p><span style=\"font-weight: 400;\"><strong>MYVET<\/strong> \u00e8 la Clinica Veterianria nel cuore di Milano dove puoi trovare tutti i migliori servizi per prendersi cura del benessere del tuo amico a quattro zampe.<\/span><\/p>\n<p>Da noi troverai il professionista giusto per rispondere a tutte le esigenze dei tuoi amici animali e un ambiente pensato su misura per loro per accoglierli e farli sentire sempre a casa.<br \/>Dai servizi di medicina generale fino a chirurgia, da <strong>MYVET<\/strong> siamo pronti a seguire il vostro benessere con professionalit\u00e0, rapidit\u00e0 e soprattutto passione perch\u00e9 amiamo gli animali proprio come voi!<\/p>\n<p>Parliamo di \u201cvostro\u201d benessere perch\u00e9 ci prendiamo cura di tutti gli aspetti della vostra relazione con gli animali, dalle cure all\u2019educazione, fornendovi servizi diversificati grazie al nostro team di esperti qualificati cos\u00ec che possiate godervi ogni giorno assieme al massimo!<\/p>\n<p><span style=\"color: #dd3c3c;\"><strong>Scoprite tutti i nostri <a href=\"https:\/\/myvetmilano.it\/?page_id=187&amp;preview=true\" target=\"_blank\" rel=\"noopener noreferrer\">servizi<\/a>\u00a0o venite a trovarci, non vediamo l\u2019ora di conoscere voi e i vostri amici a quattro zampe!<\/strong><\/span><\/p>\n<p>[\/et_pb_text][\/et_pb_column][et_pb_column type=&#8221;1_2&#8243; _builder_version=&#8221;4.16&#8243; custom_padding=&#8221;|||&#8221; global_colors_info=&#8221;{}&#8221; custom_padding__hover=&#8221;|||&#8221;][et_pb_image src=&#8221;https:\/\/myvetmilano.it\/wp-content\/uploads\/2021\/06\/myvet-chi-siamo-1.jpg&#8221; title_text=&#8221;myvet-chi-siamo&#8221; align_tablet=&#8221;center&#8221; align_phone=&#8221;&#8221; align_last_edited=&#8221;on|desktop&#8221; _builder_version=&#8221;4.16&#8243; animation_style=&#8221;fade&#8221; global_colors_info=&#8221;{}&#8221;][\/et_pb_image][\/et_pb_column][\/et_pb_row][\/et_pb_section][et_pb_section fb_built=&#8221;1&#8243; admin_label=&#8221;Instructors Section&#8221; _builder_version=&#8221;4.27.0&#8243; background_color=&#8221;#E09900&#8243; custom_padding=&#8221;110px|0px|110px|0px&#8221; global_colors_info=&#8221;{}&#8221;][et_pb_row _builder_version=&#8221;4.16&#8243; global_colors_info=&#8221;{}&#8221;][et_pb_column type=&#8221;4_4&#8243; _builder_version=&#8221;4.16&#8243; custom_padding=&#8221;|||&#8221; global_colors_info=&#8221;{}&#8221; custom_padding__hover=&#8221;|||&#8221;][et_pb_text _builder_version=&#8221;4.16&#8243; text_font=&#8221;||||||||&#8221; header_font=&#8221;||||||||&#8221; header_2_font=&#8221;Poppins|500||on|||||&#8221; header_2_text_color=&#8221;rgba(0,0,0,0.2)&#8221; header_2_font_size=&#8221;16px&#8221; header_2_letter_spacing=&#8221;1px&#8221; header_2_line_height=&#8221;1.3em&#8221; text_orientation=&#8221;center&#8221; custom_margin=&#8221;||20px|&#8221; saved_tabs=&#8221;all&#8221; locked=&#8221;off&#8221; global_colors_info=&#8221;{}&#8221;]<\/p>\n<h2><span style=\"color: #913f91;\"><strong>team<\/strong><\/span><\/h2>\n<p>[\/et_pb_text][et_pb_text _builder_version=&#8221;4.16&#8243; text_font=&#8221;||||||||&#8221; header_font=&#8221;||||||||&#8221; header_text_align=&#8221;center&#8221; header_3_font=&#8221;Poppins|600|||||||&#8221; header_3_text_color=&#8221;#44d89e&#8221; header_3_font_size=&#8221;36px&#8221; header_3_line_height=&#8221;1.4em&#8221; text_orientation=&#8221;center&#8221; global_colors_info=&#8221;{}&#8221;]<\/p>\n<h3><span style=\"color: #ffffff;\">Il Team MYVET<\/span><\/h3>\n<p>[\/et_pb_text][\/et_pb_column][\/et_pb_row][et_pb_row column_structure=&#8221;1_3,1_3,1_3&#8243; use_custom_gutter=&#8221;on&#8221; gutter_width=&#8221;2&#8243; _builder_version=&#8221;4.27.0&#8243; global_colors_info=&#8221;{}&#8221;][et_pb_column type=&#8221;1_3&#8243; _builder_version=&#8221;4.16&#8243; custom_padding=&#8221;|||&#8221; global_colors_info=&#8221;{}&#8221; custom_padding__hover=&#8221;|||&#8221;][et_pb_team_member name=&#8221;Dr.ssa Francesca Di Ciommo&#8221; position=&#8221;Direttrice Sanitaria e Fondatrice di MYVET&#8221; image_url=&#8221;https:\/\/www.myvetmilano.it\/wp-content\/uploads\/2024\/09\/francesca.png&#8221; icon_color=&#8221;#913f91&#8243; image_url_tablet=&#8221;https:\/\/www.myvetmilano.it\/wp-content\/uploads\/2024\/09\/francesca.png&#8221; image_url_phone=&#8221;https:\/\/www.myvetmilano.it\/wp-content\/uploads\/2024\/09\/francesca.png&#8221; image_url_last_edited=&#8221;on|desktop&#8221; _builder_version=&#8221;4.27.0&#8243; header_font=&#8221;Poppins|500|||||||&#8221; header_text_color=&#8221;#486066&#8243; header_font_size=&#8221;18px&#8221; body_font=&#8221;Open Sans||||||||&#8221; body_line_height=&#8221;1.8em&#8221; position_font=&#8221;|700|||||||&#8221; position_text_color=&#8221;#e09900&#8243; background_color=&#8221;#ffffff&#8221; text_orientation=&#8221;center&#8221; custom_margin=&#8221;|||&#8221; custom_padding=&#8221;30px|30px|30px|30px&#8221; animation_style=&#8221;fade&#8221; border_radii=&#8221;on|6px|6px|6px|6px&#8221; box_shadow_style=&#8221;preset1&#8243; box_shadow_vertical=&#8221;10px&#8221; box_shadow_blur=&#8221;24px&#8221; box_shadow_spread=&#8221;6px&#8221; box_shadow_color=&#8221;rgba(0,0,0,0.06)&#8221; icon_hover_color=&#8221;#353740&#8243; global_colors_info=&#8221;{}&#8221; icon_color__hover=&#8221;#353740&#8243; icon_color__hover_enabled=&#8221;on&#8221;]<\/p>\n<p style=\"text-align: justify;\"><span style=\"font-weight: 400;\">Fin da piccola sognava di fare la veterinaria e nel 2020 realizza il suo sogno: MYVET.\u00a0 Un progetto unico e innovativo in cui professionisti giovani e dinamici si dedicano al benessere dei nostri amici animali con passione ed entusiasmo. Ha frequentato diversi corsi di formazione e training specialistici in Dermatologia Veterianaria e Medicina Interna. E&#8217; membro della SIDEV (Societ\u00e0 Italiana di Dermatologia Veterinaria) dal 2017<\/span>.<\/p>\n<p>[\/et_pb_team_member][\/et_pb_column][et_pb_column type=&#8221;1_3&#8243; _builder_version=&#8221;4.16&#8243; custom_padding=&#8221;|||&#8221; global_colors_info=&#8221;{}&#8221; custom_padding__hover=&#8221;|||&#8221;][et_pb_team_member icon_color=&#8221;#913f91&#8243; _builder_version=&#8221;4.27.4&#8243; header_font=&#8221;Poppins|500|||||||&#8221; header_text_color=&#8221;#486066&#8243; header_font_size=&#8221;18px&#8221; body_font=&#8221;Open Sans||||||||&#8221; body_line_height=&#8221;1.8em&#8221; position_font=&#8221;|700|||||||&#8221; position_text_color=&#8221;#e09900&#8243; background_color=&#8221;#ffffff&#8221; text_orientation=&#8221;center&#8221; custom_margin=&#8221;|||&#8221; custom_padding=&#8221;30px|30px|30px|30px&#8221; animation_style=&#8221;fade&#8221; animation_delay=&#8221;100ms&#8221; hover_enabled=&#8221;0&#8243; border_radii=&#8221;on|6px|6px|6px|6px&#8221; box_shadow_style=&#8221;preset1&#8243; box_shadow_vertical=&#8221;10px&#8221; box_shadow_blur=&#8221;24px&#8221; box_shadow_spread=&#8221;6px&#8221; box_shadow_color=&#8221;rgba(0,0,0,0.06)&#8221; icon_hover_color=&#8221;#353740&#8243; global_colors_info=&#8221;{}&#8221; icon_color__hover=&#8221;#353740&#8243; icon_color__hover_enabled=&#8221;on&#8221; sticky_enabled=&#8221;0&#8243;]<\/p>\n<p><strong><span style=\"color: #48606;\"><span style=\"font-size: 21px;\"><span style=\"font-family: 'Poppins',Helvetica,Arial,Lucida,sans-serif;\">Servizi Veterinari<\/span><\/span><\/span><\/strong><\/p>\n<p><span style=\"font-weight: 500;\"><span style=\"color: #48606;\"><span style=\"font-size: 18px;\"><span style=\"font-family: 'Poppins',Helvetica,Arial,Lucida,sans-serif;\">Cardiologia<span style=\"color: #e09900;\"><strong><br \/><\/strong><\/span><\/span><\/span><\/span><\/span><\/p>\n<p><span style=\"font-weight: 500;\"><span style=\"color: #48606;\"><span style=\"font-size: 18px;\"><span style=\"font-family: 'Poppins',Helvetica,Arial,Lucida,sans-serif;\">Oncologia<br \/><\/span><\/span><\/span><\/span><\/p>\n<p><span style=\"color: #333333; font-family: Poppins, Helvetica, Arial, Lucida, sans-serif;\"><span style=\"font-size: 18px;\">Anestesiologia<\/span><\/span><\/p>\n<p><span style=\"font-weight: 500;\"><span style=\"color: #48606;\"><span style=\"font-size: 18px;\"><span style=\"font-family: 'Poppins',Helvetica,Arial,Lucida,sans-serif;\"><span style=\"color: #e09900;\"><span style=\"color: #333333;\">Ecografia<\/span><\/span><\/span><\/span><\/span><\/span><\/p>\n<p><span style=\"font-weight: 500;\"><span style=\"color: #48606;\"><span style=\"font-size: 18px;\"><span style=\"font-family: 'Poppins',Helvetica,Arial,Lucida,sans-serif;\"><span style=\"color: #e09900;\"><span style=\"color: #333333;\">Animali Esotici<\/span><b><br \/><\/b><\/span><\/span><\/span><\/span><\/span><\/p>\n<p><span style=\"font-weight: 500;\"><span style=\"color: #48606;\"><span style=\"font-size: 18px;\"><span style=\"font-family: 'Poppins',Helvetica,Arial,Lucida,sans-serif;\">Chirurgia dei Tessuti Molli e Laparoscopica<\/span><\/span><\/span><\/span><\/p>\n<p><span style=\"font-weight: 500;\"><span style=\"color: #48606;\"><span style=\"font-size: 18px;\"><span style=\"font-family: 'Poppins',Helvetica,Arial,Lucida,sans-serif;\">Ortopedia<\/span><\/span><\/span><\/span><span style=\"font-weight: 500;\"><span style=\"color: #48606;\"><span style=\"font-size: 18px;\"><span style=\"font-family: 'Poppins',Helvetica,Arial,Lucida,sans-serif;\"><\/span><\/span><\/span><\/span><\/p>\n<p><span style=\"font-weight: 500;\"><span style=\"color: #48606;\"><span style=\"font-size: 18px;\"><span style=\"font-family: 'Poppins',Helvetica,Arial,Lucida,sans-serif;\">Odontostomatologia<\/span><\/span><\/span><\/span><br \/><span style=\"font-weight: 500;\"><span style=\"color: #48606;\"><span style=\"font-size: 18px;\"><span style=\"font-family: 'Poppins',Helvetica,Arial,Lucida,sans-serif;\"><\/span><\/span><\/span><\/span><\/p>\n<p><span style=\"font-family: Poppins, Helvetica, Arial, Lucida, sans-serif; font-size: 18px;\"><span style=\"font-weight: 500;\"><span style=\"color: #48606;\"><span style=\"font-size: 18px;\"><span style=\"font-family: 'Poppins',Helvetica,Arial,Lucida,sans-serif;\">Oculistica<\/span><\/span><\/span><\/span><\/span><\/p>\n<p><span style=\"font-family: Poppins, Helvetica, Arial, Lucida, sans-serif; font-size: 18px;\">Medicina comportamentale<\/span><\/p>\n<p><span style=\"font-weight: 500;\"><span style=\"color: #48606;\"><span style=\"color: #e09900;\"><strong><\/strong><\/span><\/span><\/span><\/p>\n<p>[\/et_pb_team_member][\/et_pb_column][et_pb_column type=&#8221;1_3&#8243; _builder_version=&#8221;4.16&#8243; custom_padding=&#8221;|||&#8221; global_colors_info=&#8221;{}&#8221; custom_padding__hover=&#8221;|||&#8221;][\/et_pb_column][\/et_pb_row][\/et_pb_section][et_pb_section fb_built=&#8221;1&#8243; admin_label=&#8221;Instructors Section&#8221; _builder_version=&#8221;4.27.0&#8243; background_color=&#8221;#17afde&#8221; custom_padding=&#8221;110px|0px|0px|0px|false|&#8221; global_colors_info=&#8221;{}&#8221;][\/et_pb_section][et_pb_section fb_built=&#8221;1&#8243; admin_label=&#8221;Instructors Section&#8221; _builder_version=&#8221;4.27.0&#8243; background_color=&#8221;#17afde&#8221; custom_padding=&#8221;29px|0px|110px|0px||&#8221; global_colors_info=&#8221;{}&#8221;][et_pb_row _builder_version=&#8221;4.16&#8243; global_colors_info=&#8221;{}&#8221;][et_pb_column type=&#8221;4_4&#8243; _builder_version=&#8221;4.16&#8243; custom_padding=&#8221;|||&#8221; global_colors_info=&#8221;{}&#8221; custom_padding__hover=&#8221;|||&#8221;][et_pb_text _builder_version=&#8221;4.16&#8243; text_font=&#8221;||||||||&#8221; header_font=&#8221;||||||||&#8221; header_2_font=&#8221;Poppins|500||on|||||&#8221; header_2_text_color=&#8221;rgba(0,0,0,0.2)&#8221; header_2_font_size=&#8221;16px&#8221; header_2_letter_spacing=&#8221;1px&#8221; header_2_line_height=&#8221;1.3em&#8221; text_orientation=&#8221;center&#8221; custom_margin=&#8221;||20px|&#8221; saved_tabs=&#8221;all&#8221; locked=&#8221;off&#8221; global_colors_info=&#8221;{}&#8221;]<\/p>\n<h2><span style=\"color: #fab62b;\"><strong>Dicono di noi<\/strong><\/span><\/h2>\n<p>[\/et_pb_text][et_pb_text _builder_version=&#8221;4.16&#8243; text_font=&#8221;||||||||&#8221; header_font=&#8221;||||||||&#8221; header_text_align=&#8221;center&#8221; header_3_font=&#8221;Poppins|600|||||||&#8221; header_3_text_color=&#8221;#44d89e&#8221; header_3_font_size=&#8221;36px&#8221; header_3_line_height=&#8221;1.4em&#8221; text_orientation=&#8221;center&#8221; global_colors_info=&#8221;{}&#8221;]<\/p>\n<h3><span style=\"color: #913f91;\">Alcune Testimonianze<\/span><\/h3>\n<p>[\/et_pb_text][\/et_pb_column][\/et_pb_row][et_pb_row column_structure=&#8221;1_3,1_3,1_3&#8243; use_custom_gutter=&#8221;on&#8221; gutter_width=&#8221;2&#8243; _builder_version=&#8221;4.16&#8243; global_colors_info=&#8221;{}&#8221;][et_pb_column type=&#8221;1_3&#8243; _builder_version=&#8221;4.16&#8243; custom_padding=&#8221;|||&#8221; global_colors_info=&#8221;{}&#8221; custom_padding__hover=&#8221;|||&#8221;][et_pb_team_member name=&#8221;Dr.ssa Cristina Deiana&#8221; position=&#8221;Oculista&#8221; image_url=&#8221;https:\/\/myvetmilano.it\/wp-content\/uploads\/2021\/08\/Cristina-Deiana-scaled.jpg&#8221; icon_color=&#8221;#913f91&#8243; _builder_version=&#8221;4.16&#8243; header_font=&#8221;Poppins|500|||||||&#8221; header_text_color=&#8221;#486066&#8243; header_font_size=&#8221;18px&#8221; body_font=&#8221;Open Sans||||||||&#8221; body_line_height=&#8221;1.8em&#8221; position_font=&#8221;|700|||||||&#8221; position_text_color=&#8221;#e09900&#8243; background_color=&#8221;#ffffff&#8221; text_orientation=&#8221;center&#8221; custom_margin=&#8221;|||&#8221; custom_padding=&#8221;30px|30px|30px|30px&#8221; animation_style=&#8221;fade&#8221; animation_delay=&#8221;200ms&#8221; border_radii=&#8221;on|6px|6px|6px|6px&#8221; border_radii_image=&#8221;off||||&#8221; box_shadow_style=&#8221;preset1&#8243; box_shadow_vertical=&#8221;10px&#8221; box_shadow_blur=&#8221;24px&#8221; box_shadow_spread=&#8221;6px&#8221; box_shadow_color=&#8221;rgba(0,0,0,0.06)&#8221; icon_hover_color=&#8221;#353740&#8243; locked=&#8221;off&#8221; global_colors_info=&#8221;{}&#8221; icon_color__hover=&#8221;#353740&#8243; icon_color__hover_enabled=&#8221;on&#8221;]<\/p>\n<p style=\"text-align: justify;\"><span style=\"font-weight: 400;\">Laureata in Medicina Veterinaria presso l\u2019Universit\u00e0 di Sassari nell\u2019ottobre 2001. Iscritta alla SOVI(societ\u00e0 oftalmologi veterinari italiani) e all&#8217;ANVO (associazione nazionale veterinaria oftalmologia), segue corsi di aggiornamento continuo nell\u2019ambito dell\u2019oculistica veterinaria.<\/span><\/p>\n<p>[\/et_pb_team_member][\/et_pb_column][et_pb_column type=&#8221;1_3&#8243; _builder_version=&#8221;4.16&#8243; custom_padding=&#8221;|||&#8221; global_colors_info=&#8221;{}&#8221; custom_padding__hover=&#8221;|||&#8221;][et_pb_team_member name=&#8221;Alia Haddadin&#8221; position=&#8221;Istruttrice Cinofila&#8221; image_url=&#8221;https:\/\/myvetmilano.it\/wp-content\/uploads\/2021\/07\/MYVET_ALIA.jpg&#8221; icon_color=&#8221;#913f91&#8243; _builder_version=&#8221;4.16&#8243; header_font=&#8221;Poppins|500|||||||&#8221; header_text_color=&#8221;#486066&#8243; header_font_size=&#8221;18px&#8221; body_font=&#8221;Open Sans||||||||&#8221; body_line_height=&#8221;1.8em&#8221; position_font=&#8221;|700|||||||&#8221; position_text_color=&#8221;#e09900&#8243; background_color=&#8221;#ffffff&#8221; text_orientation=&#8221;center&#8221; custom_margin=&#8221;|||&#8221; custom_padding=&#8221;30px|30px|30px|30px&#8221; animation_style=&#8221;fade&#8221; animation_delay=&#8221;100ms&#8221; border_radii=&#8221;on|6px|6px|6px|6px&#8221; box_shadow_style=&#8221;preset1&#8243; box_shadow_vertical=&#8221;10px&#8221; box_shadow_blur=&#8221;24px&#8221; box_shadow_spread=&#8221;6px&#8221; box_shadow_color=&#8221;rgba(0,0,0,0.06)&#8221; icon_hover_color=&#8221;#353740&#8243; global_colors_info=&#8221;{}&#8221; icon_color__hover=&#8221;#353740&#8243; icon_color__hover_enabled=&#8221;on&#8221;]<\/p>\n<p style=\"text-align: justify;\"><span style=\"font-weight: 400;\">Affascinata dal mondo animale fin da piccola, in particolare dai cani, inizia come volontaria in varie associazioni locali che la ispirano a intraprendere un percorso di studio in ambito cinofilo, per aiutare cani e proprietari a costruire una relazione sana ed equilibrata.<\/span><\/p>\n<p>[\/et_pb_team_member][\/et_pb_column][et_pb_column type=&#8221;1_3&#8243; _builder_version=&#8221;4.16&#8243; custom_padding=&#8221;|||&#8221; global_colors_info=&#8221;{}&#8221; custom_padding__hover=&#8221;|||&#8221;][\/et_pb_column][\/et_pb_row][et_pb_row column_structure=&#8221;1_3,1_3,1_3&#8243; _builder_version=&#8221;4.16&#8243; _module_preset=&#8221;default&#8221; global_colors_info=&#8221;{}&#8221;][et_pb_column type=&#8221;1_3&#8243; _builder_version=&#8221;4.16&#8243; _module_preset=&#8221;default&#8221; global_colors_info=&#8221;{}&#8221;][et_pb_testimonial author=&#8221;Ornella&#8221; _builder_version=&#8221;4.16&#8243; _module_preset=&#8221;default&#8221; global_colors_info=&#8221;{}&#8221;]<\/p>\n<p><span class=\"d2edcug0 hpfvmrgz qv66sw1b c1et5uql oi732d6d ik7dh3pa ht8s03o8 a8c37x1j keod5gw0 nxhoafnm aigsh9s9 d3f4x2em fe6kdd0r mau55g9w c8b282yb iv3no6db jq4qci2q a3bd9o3v knj5qynh oo9gr5id hzawbc8m\" dir=\"auto\">La Dott.ssa Francesca \u00e8 bravissima, sempre disponibile e adora il suo lavoro! Consiglio a tutti per la professionalit\u00e0 e la precisione.<\/span><\/p>\n<p>[\/et_pb_testimonial][\/et_pb_column][et_pb_column type=&#8221;1_3&#8243; _builder_version=&#8221;4.16&#8243; _module_preset=&#8221;default&#8221; global_colors_info=&#8221;{}&#8221;][et_pb_testimonial author=&#8221;Michela&#8221; _builder_version=&#8221;4.16&#8243; _module_preset=&#8221;default&#8221; global_colors_info=&#8221;{}&#8221;]<\/p>\n<div class=\"\" dir=\"auto\">\n<div class=\"ecm0bbzt hv4rvrfc e5nlhep0 dati1w0a\" data-ad-comet-preview=\"message\" data-ad-preview=\"message\" id=\"jsc_c_zx\">\n<div class=\"j83agx80 cbu4d94t ew0dbk1b irj2b8pg\">\n<div class=\"qzhwtbm6 knvmm38d\">\n<div class=\"kvgmc6g5 cxmmr5t8 oygrvhab hcukyx3x c1et5uql ii04i59q\">\n<div dir=\"auto\">\n<div dir=\"auto\">Un immenso GRAZIE alla dott.ssa Di Ciommo, sempre disponibile ad accogliere e assistere la nostra cucciola KAPRI.<\/div>\n<div dir=\"auto\">Attenta e professionale, i suoi consigli sono preziosi! super consigliata!<\/div>\n<\/div>\n<\/div>\n<\/div>\n<\/div>\n<\/div>\n<\/div>\n<p>[\/et_pb_testimonial][\/et_pb_column][et_pb_column type=&#8221;1_3&#8243; _builder_version=&#8221;4.16&#8243; _module_preset=&#8221;default&#8221; global_colors_info=&#8221;{}&#8221;][et_pb_testimonial author=&#8221;Mira&#8221; _builder_version=&#8221;4.16&#8243; _module_preset=&#8221;default&#8221; global_colors_info=&#8221;{}&#8221;]<\/p>\n<p><span class=\"d2edcug0 hpfvmrgz qv66sw1b c1et5uql oi732d6d ik7dh3pa ht8s03o8 a8c37x1j keod5gw0 nxhoafnm aigsh9s9 d3f4x2em fe6kdd0r mau55g9w c8b282yb iv3no6db jq4qci2q a3bd9o3v knj5qynh oo9gr5id hzawbc8m\" dir=\"auto\">Bravissima Francesca, molto professionale, preparata e anche molto accogliente, si avverte grande passione verso i piccoli pazienti a 4 zampe. Consigliatissima!<\/span><\/p>\n<p>[\/et_pb_testimonial][\/et_pb_column][\/et_pb_row][\/et_pb_section][et_pb_section fb_built=&#8221;1&#8243; admin_label=&#8221;About Us Section&#8221; _builder_version=&#8221;4.16&#8243; background_color=&#8221;#ffffff&#8221; custom_padding=&#8221;110px|0px|110px|0px&#8221; global_colors_info=&#8221;{}&#8221;][et_pb_row column_structure=&#8221;1_2,1_2&#8243; admin_label=&#8221;Row&#8221; _builder_version=&#8221;4.16&#8243; custom_padding=&#8221;|||&#8221; global_colors_info=&#8221;{}&#8221;][et_pb_column type=&#8221;1_2&#8243; _builder_version=&#8221;4.16&#8243; custom_padding=&#8221;|||&#8221; global_colors_info=&#8221;{}&#8221; custom_padding__hover=&#8221;|||&#8221;][et_pb_text _builder_version=&#8221;4.27.0&#8243; text_font=&#8221;||||||||&#8221; header_font=&#8221;||||||||&#8221; header_2_font=&#8221;Poppins|500||on|||||&#8221; header_2_text_color=&#8221;rgba(0,0,0,0.2)&#8221; header_2_font_size=&#8221;16px&#8221; header_2_letter_spacing=&#8221;1px&#8221; header_2_line_height=&#8221;1.3em&#8221; custom_margin=&#8221;||20px|&#8221; saved_tabs=&#8221;all&#8221; locked=&#8221;off&#8221; global_colors_info=&#8221;{}&#8221;]<\/p>\n<h2><span style=\"color: #fab62b;\"><strong>CONTATTACI<\/strong><\/span><\/h2>\n<p>[\/et_pb_text][et_pb_text _builder_version=&#8221;4.27.0&#8243; text_font=&#8221;||||||||&#8221; header_font=&#8221;||||||||&#8221; header_3_font=&#8221;Poppins|600|||||||&#8221; header_3_text_color=&#8221;#44d89e&#8221; header_3_font_size=&#8221;36px&#8221; header_3_line_height=&#8221;1.4em&#8221; global_colors_info=&#8221;{}&#8221;]<\/p>\n<h4><span style=\"color: #989898;\">Per ulteriori informazioni e per prendere<br \/>appuntamento contattaci ai seguenti<br \/>recapiti:<\/span><\/h4>\n<p>[\/et_pb_text][et_pb_text _builder_version=&#8221;4.18.0&#8243; text_font=&#8221;Open Sans||||||||&#8221; text_text_color=&#8221;#486066&#8243; text_font_size=&#8221;15px&#8221; text_line_height=&#8221;1.8em&#8221; header_font=&#8221;||||||||&#8221; global_colors_info=&#8221;{}&#8221;]<\/p>\n<p><span style=\"font-weight: 400; color: #989898;\">\u00a0<\/span><span style=\"font-weight: 400; color: #989898;\"><img loading=\"lazy\" decoding=\"async\" src=\"https:\/\/www.myvetmilano.it\/wp-content\/uploads\/2021\/07\/phone.png\" width=\"27\" height=\"27\" alt=\"\" class=\"wp-image-338 alignnone size-full\" \/> 02 834 22 670\u00a0<\/span><\/p>\n<p><span style=\"font-weight: 400; color: #989898;\"> <img loading=\"lazy\" decoding=\"async\" src=\"https:\/\/www.myvetmilano.it\/wp-content\/uploads\/2021\/07\/whatsapp.png\" width=\"27\" height=\"27\" alt=\"\" class=\"wp-image-336 alignnone size-full\" \/> \u00a002 834 22 670\u00a0<\/span><\/p>\n<p><span style=\"color: #989898;\"><span style=\"font-weight: 400; color: #989898;\"><strong><img loading=\"lazy\" decoding=\"async\" src=\"https:\/\/myvetmilano.it\/wp-content\/uploads\/2021\/07\/mail.png\" alt=\"\" class=\"wp-image-339 alignnone size-full\" width=\"27\" height=\"27\" \/>\u00a0 <\/strong><\/span><a href=\"mailto:info@myvetmilano.it\" style=\"color: #989898;\"><span style=\"font-weight: 400;\">info@myvetmilano.it<\/span><\/a><span style=\"font-weight: 400;\">\u00a0<\/span><\/span><\/p>\n<p><span style=\"font-weight: 400; color: #989898;\"><br \/><img loading=\"lazy\" decoding=\"async\" src=\"https:\/\/myvetmilano.it\/wp-content\/uploads\/2021\/06\/locator.png\" alt=\"\" class=\"wp-image-265 alignnone size-full\" width=\"23\" height=\"35\" \/>\u00a0<strong>Via Giuseppe Dezza, 24 &#8211; 20144 Milano<\/strong><\/span><\/p>\n<p><span style=\"font-weight: 400; color: #989898;\"><img loading=\"lazy\" decoding=\"async\" src=\"https:\/\/myvetmilano.it\/wp-content\/uploads\/2021\/06\/M1.png\" alt=\"\" class=\"wp-image-266 alignnone size-full\" width=\"44\" height=\"29\" \/>\u00a0\u00a0<strong>CONCILIAZIONE<\/strong><\/span><\/p>\n<p><span style=\"font-weight: 400; color: #989898;\"><img loading=\"lazy\" decoding=\"async\" src=\"https:\/\/myvetmilano.it\/wp-content\/uploads\/2021\/06\/M2.png\" alt=\"\" class=\"wp-image-267 alignnone size-full\" width=\"44\" height=\"29\" \/>\u00a0\u00a0<strong>S. AGOSTINO<\/strong><\/span><span style=\"font-weight: 400; color: #989898;\"><strong><\/strong><\/span><\/p>\n<p><span style=\"font-weight: 400; color: #989898;\"> <img decoding=\"async\" src=\"https:\/\/www.myvetmilano.it\/wp-content\/uploads\/2024\/12\/Logo_M4-e1735033033486.png\" \/> \u00a0<strong>CALIFORNIA CONI ZUGNA<\/strong><\/span><\/p>\n<p><span style=\"font-weight: 400; color: #989898;\"><img loading=\"lazy\" decoding=\"async\" src=\"https:\/\/myvetmilano.it\/wp-content\/uploads\/2021\/06\/bus.png\" alt=\"\" class=\"wp-image-268 alignnone size-full\" width=\"29\" height=\"32\" \/>\u00a0\u00a0<strong>50\u00a0<span>&#8211;<\/span> 58 &#8211; 68<\/strong><\/span><\/p>\n<p><span style=\"font-weight: 400; color: #989898;\"><strong><a href=\"https:\/\/www.myvetmilano.it\/wp-content\/uploads\/2025\/02\/tram.png\"><img decoding=\"async\" src=\"https:\/\/www.myvetmilano.it\/wp-content\/uploads\/2024\/12\/tram-e1735033842166.png\" \/><\/a> 10\u00a0<\/strong><\/span><\/p>\n<p>[\/et_pb_text][et_pb_text _builder_version=&#8221;4.16&#8243; text_font=&#8221;||||||||&#8221; header_font=&#8221;||||||||&#8221; header_3_font=&#8221;Poppins|600|||||||&#8221; header_3_text_color=&#8221;#44d89e&#8221; header_3_font_size=&#8221;36px&#8221; header_3_line_height=&#8221;1.4em&#8221; global_colors_info=&#8221;{}&#8221;][\/et_pb_text][\/et_pb_column][et_pb_column type=&#8221;1_2&#8243; _builder_version=&#8221;4.16&#8243; custom_padding=&#8221;|||&#8221; global_colors_info=&#8221;{}&#8221; custom_padding__hover=&#8221;|||&#8221;][et_pb_text _builder_version=&#8221;4.27.0&#8243; text_font=&#8221;||||||||&#8221; header_font=&#8221;||||||||&#8221; header_2_font=&#8221;Poppins|500||on|||||&#8221; header_2_text_color=&#8221;rgba(0,0,0,0.2)&#8221; header_2_font_size=&#8221;16px&#8221; header_2_letter_spacing=&#8221;1px&#8221; header_2_line_height=&#8221;1.3em&#8221; custom_margin=&#8221;||20px|&#8221; saved_tabs=&#8221;all&#8221; locked=&#8221;off&#8221; global_colors_info=&#8221;{}&#8221;]<\/p>\n<h2><span style=\"color: #fab62b;\"><strong>SCRIVICI<\/strong><\/span><\/h2>\n<p>[\/et_pb_text][et_pb_text _builder_version=&#8221;4.16&#8243; text_font=&#8221;||||||||&#8221; header_font=&#8221;||||||||&#8221; header_3_font=&#8221;Poppins|600|||||||&#8221; header_3_text_color=&#8221;#44d89e&#8221; header_3_font_size=&#8221;36px&#8221; header_3_line_height=&#8221;1.4em&#8221; global_colors_info=&#8221;{}&#8221;]<\/p>\n<h4><span style=\"color: #989898;\">Per qualsiasi dubbio o domanda puoi<br \/>scriverci compilando questo form.<br \/>Ti risponderemo il prima possibile!<\/span><\/h4>\n<p>[\/et_pb_text][et_pb_contact_form captcha=&#8221;off&#8221; email=&#8221;francescadiciommo@yahoo.it&#8221; custom_message=&#8221;Il mio %%name%% e il messaggio \u00e8 %%message%% la mia email \u00e8 %%Email%%&#8221; submit_button_text=&#8221;Send&#8221; _builder_version=&#8221;4.27.0&#8243; _module_preset=&#8221;default&#8221; _unique_id=&#8221;9949e9dd-60ee-4824-8967-257a7eba1eb2&#8243; custom_button=&#8221;on&#8221; button_text_color=&#8221;#913e91&#8243; global_colors_info=&#8221;{}&#8221;][et_pb_contact_field field_id=&#8221;Nome&#8221; field_title=&#8221;Nome&#8221; _builder_version=&#8221;4.27.0&#8243; global_colors_info=&#8221;{}&#8221; button_text_size__hover_enabled=&#8221;off&#8221; button_one_text_size__hover_enabled=&#8221;off&#8221; button_two_text_size__hover_enabled=&#8221;off&#8221; button_text_color__hover_enabled=&#8221;off&#8221; button_one_text_color__hover_enabled=&#8221;off&#8221; button_two_text_color__hover_enabled=&#8221;off&#8221; button_border_width__hover_enabled=&#8221;off&#8221; button_one_border_width__hover_enabled=&#8221;off&#8221; button_two_border_width__hover_enabled=&#8221;off&#8221; button_border_color__hover_enabled=&#8221;off&#8221; button_one_border_color__hover_enabled=&#8221;off&#8221; button_two_border_color__hover_enabled=&#8221;off&#8221; button_border_radius__hover_enabled=&#8221;off&#8221; button_one_border_radius__hover_enabled=&#8221;off&#8221; button_two_border_radius__hover_enabled=&#8221;off&#8221; button_letter_spacing__hover_enabled=&#8221;off&#8221; button_one_letter_spacing__hover_enabled=&#8221;off&#8221; button_two_letter_spacing__hover_enabled=&#8221;off&#8221; button_bg_color__hover_enabled=&#8221;off&#8221; button_one_bg_color__hover_enabled=&#8221;off&#8221; button_two_bg_color__hover_enabled=&#8221;off&#8221;][\/et_pb_contact_field][et_pb_contact_field field_id=&#8221;Email&#8221; field_title=&#8221;Indirizzo e-mail&#8221; field_type=&#8221;email&#8221; _builder_version=&#8221;4.16&#8243; global_colors_info=&#8221;{}&#8221; button_text_size__hover_enabled=&#8221;off&#8221; button_one_text_size__hover_enabled=&#8221;off&#8221; button_two_text_size__hover_enabled=&#8221;off&#8221; button_text_color__hover_enabled=&#8221;off&#8221; button_one_text_color__hover_enabled=&#8221;off&#8221; button_two_text_color__hover_enabled=&#8221;off&#8221; button_border_width__hover_enabled=&#8221;off&#8221; button_one_border_width__hover_enabled=&#8221;off&#8221; button_two_border_width__hover_enabled=&#8221;off&#8221; button_border_color__hover_enabled=&#8221;off&#8221; button_one_border_color__hover_enabled=&#8221;off&#8221; button_two_border_color__hover_enabled=&#8221;off&#8221; button_border_radius__hover_enabled=&#8221;off&#8221; button_one_border_radius__hover_enabled=&#8221;off&#8221; button_two_border_radius__hover_enabled=&#8221;off&#8221; button_letter_spacing__hover_enabled=&#8221;off&#8221; button_one_letter_spacing__hover_enabled=&#8221;off&#8221; button_two_letter_spacing__hover_enabled=&#8221;off&#8221; button_bg_color__hover_enabled=&#8221;off&#8221; button_one_bg_color__hover_enabled=&#8221;off&#8221; button_two_bg_color__hover_enabled=&#8221;off&#8221;][\/et_pb_contact_field][et_pb_contact_field field_id=&#8221;Message&#8221; field_title=&#8221;Messaggio&#8221; field_type=&#8221;text&#8221; fullwidth_field=&#8221;on&#8221; _builder_version=&#8221;4.27.0&#8243; global_colors_info=&#8221;{}&#8221; button_text_size__hover_enabled=&#8221;off&#8221; button_one_text_size__hover_enabled=&#8221;off&#8221; button_two_text_size__hover_enabled=&#8221;off&#8221; button_text_color__hover_enabled=&#8221;off&#8221; button_one_text_color__hover_enabled=&#8221;off&#8221; button_two_text_color__hover_enabled=&#8221;off&#8221; button_border_width__hover_enabled=&#8221;off&#8221; button_one_border_width__hover_enabled=&#8221;off&#8221; button_two_border_width__hover_enabled=&#8221;off&#8221; button_border_color__hover_enabled=&#8221;off&#8221; button_one_border_color__hover_enabled=&#8221;off&#8221; button_two_border_color__hover_enabled=&#8221;off&#8221; button_border_radius__hover_enabled=&#8221;off&#8221; button_one_border_radius__hover_enabled=&#8221;off&#8221; button_two_border_radius__hover_enabled=&#8221;off&#8221; button_letter_spacing__hover_enabled=&#8221;off&#8221; button_one_letter_spacing__hover_enabled=&#8221;off&#8221; button_two_letter_spacing__hover_enabled=&#8221;off&#8221; button_bg_color__hover_enabled=&#8221;off&#8221; button_one_bg_color__hover_enabled=&#8221;off&#8221; button_two_bg_color__hover_enabled=&#8221;off&#8221;][\/et_pb_contact_field][\/et_pb_contact_form][\/et_pb_column][\/et_pb_row][\/et_pb_section][et_pb_section fb_built=&#8221;1&#8243; fullwidth=&#8221;on&#8221; _builder_version=&#8221;4.16&#8243; _module_preset=&#8221;default&#8221; global_colors_info=&#8221;{}&#8221;][\/et_pb_section]<\/p>\n","protected":false},"excerpt":{"rendered":"<p>Professionalit\u00e0, passione ed entusiasmoMYVET \u00e8 la Clinica Veterinaria nel cuore di Milano dove puoi trovare il professionista giusto per rispondere a tutte le esigenze dei tuoi amici animali.CHI SIAMOMYVET \u00e8 la Clinica Veterianria nel cuore di Milano dove puoi trovare tutti i migliori servizi per prendersi cura del benessere del tuo amico a quattro zampe. [&hellip;]<\/p>\n","protected":false},"author":2,"featured_media":0,"parent":0,"menu_order":0,"comment_status":"closed","ping_status":"closed","template":"","meta":{"_et_pb_use_builder":"on","_et_pb_old_content":"","_et_gb_content_width":"","footnotes":""},"class_list":["post-709","page","type-page","status-publish","hentry"],"yoast_head":"<!-- This site is optimized with the Yoast SEO plugin v28.3 - https:\/\/yoast.com\/product\/yoast-seo-wordpress\/ -->\n<title>CHI SIAMO 2 - Clinica Veterinaria nel cuore di Milano<\/title>\n<meta name=\"robots\" content=\"index, follow, max-snippet:-1, max-image-preview:large, max-video-preview:-1\" \/>\n<link rel=\"canonical\" href=\"https:\/\/www.myvetmilano.it\/it\/chi-siamo-2\/\" \/>\n<meta property=\"og:locale\" content=\"it_IT\" \/>\n<meta property=\"og:type\" content=\"article\" \/>\n<meta property=\"og:title\" content=\"CHI SIAMO 2 - Clinica Veterinaria nel cuore di Milano\" \/>\n<meta property=\"og:description\" content=\"Professionalit\u00e0, passione ed entusiasmoMYVET \u00e8 la Clinica Veterinaria nel cuore di Milano dove puoi trovare il professionista giusto per rispondere a tutte le esigenze dei tuoi amici animali.CHI SIAMOMYVET \u00e8 la Clinica Veterianria nel cuore di Milano dove puoi trovare tutti i migliori servizi per prendersi cura del benessere del tuo amico a quattro zampe. [&hellip;]\" \/>\n<meta property=\"og:url\" content=\"https:\/\/www.myvetmilano.it\/it\/chi-siamo-2\/\" \/>\n<meta property=\"og:site_name\" content=\"Clinica Veterinaria nel cuore di Milano\" \/>\n<meta property=\"article:publisher\" content=\"https:\/\/www.facebook.com\/myvetmilano\/\" \/>\n<meta property=\"article:modified_time\" content=\"2026-05-11T13:38:12+00:00\" \/>\n<meta property=\"og:image\" content=\"https:\/\/www.myvetmilano.it\/wp-content\/uploads\/2021\/07\/phone.png\" \/>\n<meta name=\"twitter:card\" content=\"summary_large_image\" \/>\n<meta name=\"twitter:label1\" content=\"Tempo di lettura stimato\" \/>\n\t<meta name=\"twitter:data1\" content=\"6 minuti\" \/>\n<script type=\"application\/ld+json\" class=\"yoast-schema-graph\">{\"@context\":\"https:\\\/\\\/schema.org\",\"@graph\":[{\"@type\":\"WebPage\",\"@id\":\"https:\\\/\\\/www.myvetmilano.it\\\/it\\\/chi-siamo-2\\\/\",\"url\":\"https:\\\/\\\/www.myvetmilano.it\\\/it\\\/chi-siamo-2\\\/\",\"name\":\"CHI SIAMO 2 - Clinica Veterinaria nel cuore di Milano\",\"isPartOf\":{\"@id\":\"https:\\\/\\\/www.myvetmilano.it\\\/#website\"},\"primaryImageOfPage\":{\"@id\":\"https:\\\/\\\/www.myvetmilano.it\\\/it\\\/chi-siamo-2\\\/#primaryimage\"},\"image\":{\"@id\":\"https:\\\/\\\/www.myvetmilano.it\\\/it\\\/chi-siamo-2\\\/#primaryimage\"},\"thumbnailUrl\":\"https:\\\/\\\/www.myvetmilano.it\\\/wp-content\\\/uploads\\\/2021\\\/07\\\/phone.png\",\"datePublished\":\"2025-02-02T10:18:24+00:00\",\"dateModified\":\"2026-05-11T13:38:12+00:00\",\"breadcrumb\":{\"@id\":\"https:\\\/\\\/www.myvetmilano.it\\\/it\\\/chi-siamo-2\\\/#breadcrumb\"},\"inLanguage\":\"it-IT\",\"potentialAction\":[{\"@type\":\"ReadAction\",\"target\":[\"https:\\\/\\\/www.myvetmilano.it\\\/it\\\/chi-siamo-2\\\/\"]}]},{\"@type\":\"ImageObject\",\"inLanguage\":\"it-IT\",\"@id\":\"https:\\\/\\\/www.myvetmilano.it\\\/it\\\/chi-siamo-2\\\/#primaryimage\",\"url\":\"https:\\\/\\\/www.myvetmilano.it\\\/wp-content\\\/uploads\\\/2021\\\/07\\\/phone.png\",\"contentUrl\":\"https:\\\/\\\/www.myvetmilano.it\\\/wp-content\\\/uploads\\\/2021\\\/07\\\/phone.png\"},{\"@type\":\"BreadcrumbList\",\"@id\":\"https:\\\/\\\/www.myvetmilano.it\\\/it\\\/chi-siamo-2\\\/#breadcrumb\",\"itemListElement\":[{\"@type\":\"ListItem\",\"position\":1,\"name\":\"Home\",\"item\":\"https:\\\/\\\/www.myvetmilano.it\\\/\"},{\"@type\":\"ListItem\",\"position\":2,\"name\":\"CHI SIAMO 2\"}]},{\"@type\":\"WebSite\",\"@id\":\"https:\\\/\\\/www.myvetmilano.it\\\/#website\",\"url\":\"https:\\\/\\\/www.myvetmilano.it\\\/\",\"name\":\"Clinica Veterinaria nel cuore di Milano\",\"description\":\"MYVET \u00e8 l\u2019ambulatorio veterinario nel cuore di Milano dove puoi trovare il professionista giusto per rispondere a tutte le esigenze dei tuoi amici animali.\",\"publisher\":{\"@id\":\"https:\\\/\\\/www.myvetmilano.it\\\/#organization\"},\"potentialAction\":[{\"@type\":\"SearchAction\",\"target\":{\"@type\":\"EntryPoint\",\"urlTemplate\":\"https:\\\/\\\/www.myvetmilano.it\\\/?s={search_term_string}\"},\"query-input\":{\"@type\":\"PropertyValueSpecification\",\"valueRequired\":true,\"valueName\":\"search_term_string\"}}],\"inLanguage\":\"it-IT\"},{\"@type\":\"Organization\",\"@id\":\"https:\\\/\\\/www.myvetmilano.it\\\/#organization\",\"name\":\"Clinica Veterinaria nel cuore di Milano\",\"url\":\"https:\\\/\\\/www.myvetmilano.it\\\/\",\"logo\":{\"@type\":\"ImageObject\",\"inLanguage\":\"it-IT\",\"@id\":\"https:\\\/\\\/www.myvetmilano.it\\\/#\\\/schema\\\/logo\\\/image\\\/\",\"url\":\"https:\\\/\\\/myvetmilano.it\\\/wp-content\\\/uploads\\\/2021\\\/03\\\/MyVet-logo-1.png\",\"contentUrl\":\"https:\\\/\\\/myvetmilano.it\\\/wp-content\\\/uploads\\\/2021\\\/03\\\/MyVet-logo-1.png\",\"width\":685,\"height\":190,\"caption\":\"Clinica Veterinaria nel cuore di Milano\"},\"image\":{\"@id\":\"https:\\\/\\\/www.myvetmilano.it\\\/#\\\/schema\\\/logo\\\/image\\\/\"},\"sameAs\":[\"https:\\\/\\\/www.facebook.com\\\/myvetmilano\\\/\",\"https:\\\/\\\/www.instagram.com\\\/myvetmilano\\\/\"]}]}<\/script>\n<!-- \/ Yoast SEO plugin. -->","yoast_head_json":{"title":"CHI SIAMO 2 - Clinica Veterinaria nel cuore di Milano","robots":{"index":"index","follow":"follow","max-snippet":"max-snippet:-1","max-image-preview":"max-image-preview:large","max-video-preview":"max-video-preview:-1"},"canonical":"https:\/\/www.myvetmilano.it\/it\/chi-siamo-2\/","og_locale":"it_IT","og_type":"article","og_title":"CHI SIAMO 2 - Clinica Veterinaria nel cuore di Milano","og_description":"Professionalit\u00e0, passione ed entusiasmoMYVET \u00e8 la Clinica Veterinaria nel cuore di Milano dove puoi trovare il professionista giusto per rispondere a tutte le esigenze dei tuoi amici animali.CHI SIAMOMYVET \u00e8 la Clinica Veterianria nel cuore di Milano dove puoi trovare tutti i migliori servizi per prendersi cura del benessere del tuo amico a quattro zampe. [&hellip;]","og_url":"https:\/\/www.myvetmilano.it\/it\/chi-siamo-2\/","og_site_name":"Clinica Veterinaria nel cuore di Milano","article_publisher":"https:\/\/www.facebook.com\/myvetmilano\/","article_modified_time":"2026-05-11T13:38:12+00:00","og_image":[{"url":"https:\/\/www.myvetmilano.it\/wp-content\/uploads\/2021\/07\/phone.png","type":"","width":"","height":""}],"twitter_card":"summary_large_image","twitter_misc":{"Tempo di lettura stimato":"6 minuti"},"schema":{"@context":"https:\/\/schema.org","@graph":[{"@type":"WebPage","@id":"https:\/\/www.myvetmilano.it\/it\/chi-siamo-2\/","url":"https:\/\/www.myvetmilano.it\/it\/chi-siamo-2\/","name":"CHI SIAMO 2 - Clinica Veterinaria nel cuore di Milano","isPartOf":{"@id":"https:\/\/www.myvetmilano.it\/#website"},"primaryImageOfPage":{"@id":"https:\/\/www.myvetmilano.it\/it\/chi-siamo-2\/#primaryimage"},"image":{"@id":"https:\/\/www.myvetmilano.it\/it\/chi-siamo-2\/#primaryimage"},"thumbnailUrl":"https:\/\/www.myvetmilano.it\/wp-content\/uploads\/2021\/07\/phone.png","datePublished":"2025-02-02T10:18:24+00:00","dateModified":"2026-05-11T13:38:12+00:00","breadcrumb":{"@id":"https:\/\/www.myvetmilano.it\/it\/chi-siamo-2\/#breadcrumb"},"inLanguage":"it-IT","potentialAction":[{"@type":"ReadAction","target":["https:\/\/www.myvetmilano.it\/it\/chi-siamo-2\/"]}]},{"@type":"ImageObject","inLanguage":"it-IT","@id":"https:\/\/www.myvetmilano.it\/it\/chi-siamo-2\/#primaryimage","url":"https:\/\/www.myvetmilano.it\/wp-content\/uploads\/2021\/07\/phone.png","contentUrl":"https:\/\/www.myvetmilano.it\/wp-content\/uploads\/2021\/07\/phone.png"},{"@type":"BreadcrumbList","@id":"https:\/\/www.myvetmilano.it\/it\/chi-siamo-2\/#breadcrumb","itemListElement":[{"@type":"ListItem","position":1,"name":"Home","item":"https:\/\/www.myvetmilano.it\/"},{"@type":"ListItem","position":2,"name":"CHI SIAMO 2"}]},{"@type":"WebSite","@id":"https:\/\/www.myvetmilano.it\/#website","url":"https:\/\/www.myvetmilano.it\/","name":"Clinica Veterinaria nel cuore di Milano","description":"MYVET \u00e8 l\u2019ambulatorio veterinario nel cuore di Milano dove puoi trovare il professionista giusto per rispondere a tutte le esigenze dei tuoi amici animali.","publisher":{"@id":"https:\/\/www.myvetmilano.it\/#organization"},"potentialAction":[{"@type":"SearchAction","target":{"@type":"EntryPoint","urlTemplate":"https:\/\/www.myvetmilano.it\/?s={search_term_string}"},"query-input":{"@type":"PropertyValueSpecification","valueRequired":true,"valueName":"search_term_string"}}],"inLanguage":"it-IT"},{"@type":"Organization","@id":"https:\/\/www.myvetmilano.it\/#organization","name":"Clinica Veterinaria nel cuore di Milano","url":"https:\/\/www.myvetmilano.it\/","logo":{"@type":"ImageObject","inLanguage":"it-IT","@id":"https:\/\/www.myvetmilano.it\/#\/schema\/logo\/image\/","url":"https:\/\/myvetmilano.it\/wp-content\/uploads\/2021\/03\/MyVet-logo-1.png","contentUrl":"https:\/\/myvetmilano.it\/wp-content\/uploads\/2021\/03\/MyVet-logo-1.png","width":685,"height":190,"caption":"Clinica Veterinaria nel cuore di Milano"},"image":{"@id":"https:\/\/www.myvetmilano.it\/#\/schema\/logo\/image\/"},"sameAs":["https:\/\/www.facebook.com\/myvetmilano\/","https:\/\/www.instagram.com\/myvetmilano\/"]}]}},"_links":{"self":[{"href":"https:\/\/www.myvetmilano.it\/it\/wp-json\/wp\/v2\/pages\/709","targetHints":{"allow":["GET"]}}],"collection":[{"href":"https:\/\/www.myvetmilano.it\/it\/wp-json\/wp\/v2\/pages"}],"about":[{"href":"https:\/\/www.myvetmilano.it\/it\/wp-json\/wp\/v2\/types\/page"}],"author":[{"embeddable":true,"href":"https:\/\/www.myvetmilano.it\/it\/wp-json\/wp\/v2\/users\/2"}],"replies":[{"embeddable":true,"href":"https:\/\/www.myvetmilano.it\/it\/wp-json\/wp\/v2\/comments?post=709"}],"version-history":[{"count":29,"href":"https:\/\/www.myvetmilano.it\/it\/wp-json\/wp\/v2\/pages\/709\/revisions"}],"predecessor-version":[{"id":889,"href":"https:\/\/www.myvetmilano.it\/it\/wp-json\/wp\/v2\/pages\/709\/revisions\/889"}],"wp:attachment":[{"href":"https:\/\/www.myvetmilano.it\/it\/wp-json\/wp\/v2\/media?parent=709"}],"curies":[{"name":"wp","href":"https:\/\/api.w.org\/{rel}","templated":true}]}}